






{"id":81964,"date":"2024-10-11T12:31:06","date_gmt":"2024-10-11T15:31:06","guid":{"rendered":"https:\/\/chile.travel\/politicas-de-privacidade\/"},"modified":"2025-12-16T17:04:16","modified_gmt":"2025-12-16T20:04:16","slug":"politicas-de-privacidade","status":"publish","type":"page","link":"https:\/\/chile.travel\/pt-br\/politicas-de-privacidade\/","title":{"rendered":"Pol\u00edticas de Privacidade"},"content":{"rendered":"\n<h2 class=\"wp-block-heading\"><mark style=\"background-color:rgba(0, 0, 0, 0);color:#456aeb\" class=\"has-inline-color\"><strong>Introdu\u00e7\u00e3o<\/strong><\/mark><\/h2>\n\n<p>O <strong>artigo 9<\/strong> do <strong>Decreto Supremo N.\u00ba 100 de 2006<\/strong>, do Minist\u00e9rio Secretaria-Geral da Presid\u00eancia, <strong>prev\u00ea<\/strong> que os <strong>\u00f3rg\u00e3os<\/strong> da <strong>Administra\u00e7\u00e3o<\/strong> do Estado <strong>dever\u00e3o<\/strong> adotar, manter e <strong>declarar<\/strong> uma <strong>Pol\u00edtica de Privacidade<\/strong> do seu respetivo <strong>site<\/strong>, e que <strong>dever\u00e1<\/strong> encontrar-se <strong>acess\u00edvel<\/strong> desde a sua primeira p\u00e1gina.<\/p>\n\n<p>Ainda que o \u00e2mbito de aplica\u00e7\u00e3o da normativa fique circunscrito aos \u00f3rg\u00e3os da Administra\u00e7\u00e3o do Estado e n\u00e3o se <strong>estenda<\/strong> aos restantes \u00f3rg\u00e3os do Estado, isso n\u00e3o os <strong>impede<\/strong> de adotar &#8220;Pol\u00edticas de Privacidade&#8221; similares, dada a crescente oferta de servi\u00e7os online.<\/p>\n\n<p>A inclus\u00e3o da informa\u00e7\u00e3o contemplada numa &#8220;Pol\u00edtica de Privacidade&#8221; desde a p\u00e1gina de in\u00edcio do site dos organismos p\u00fablicos visa conferir <strong>certeza<\/strong> \u00e0 cidadania relativamente ao tratamento de <strong>dados<\/strong> pessoais que se <strong>verificar\u00e1<\/strong> no <strong>site<\/strong>, assim como os <strong>direitos<\/strong> de que se \u00e9 <strong>titular<\/strong> e o <strong>modo<\/strong> em que pode exerc\u00ea-los, antecipando o seu conhecimento ao uso mesmo dos recursos dispon\u00edveis <strong>nele<\/strong>.<\/p>\n\n<p><strong>Adicionalmente<\/strong>, o <strong>artigo 7<\/strong> do mencionado <strong>decreto<\/strong> precisa as <strong>men\u00e7\u00f5es<\/strong> que, pelo menos, <strong>deve<\/strong> incluir a &#8220;Pol\u00edtica de Privacidade&#8221;, sendo importante destacar que a informa\u00e7\u00e3o fornecida atrav\u00e9s dos portais de <strong>SERNATUR<\/strong> procura encontrar-se acima do padr\u00e3o legal vigente, j\u00e1 que atrav\u00e9s delas se enfatiza a difus\u00e3o dos direitos cidad\u00e3os, sem que por isso se menosprezem as faculdades dos organismos p\u00fablicos para tratar dados pessoais segundo a normativa legal que lhes seja aplic\u00e1vel. Com tudo, o pr\u00f3prio decreto admite a inclus\u00e3o de informa\u00e7\u00e3o adicional ao conte\u00fado m\u00ednimo previsto online. <\/p>\n\n<p>\n<\/p>\n<h3 class=\"wp-block-heading\"><mark style=\"background-color:rgba(0, 0, 0, 0);color:#456aeb\" class=\"has-inline-color\">Pol\u00edtica de privacidade<\/mark><\/h3>\n\n<h4 class=\"wp-block-heading\">1. Uso de Dados Pessoais<\/h4>\n\n<p>SERNATUR define o <strong>Uso de Dados Pessoais<\/strong> como o conjunto de procedimentos t\u00e9cnicos (automatizados ou n\u00e3o) mediante os quais se realiza a <strong>recolha, registo, armazenamento, organiza\u00e7\u00e3o, conserva\u00e7\u00e3o, consulta, modifica\u00e7\u00e3o, utiliza\u00e7\u00e3o, elimina\u00e7\u00e3o, bloqueio, comunica\u00e7\u00e3o<\/strong> (difus\u00e3o ou transfer\u00eancia). Inclui tamb\u00e9m qualquer forma de processamento que facilite a interconex\u00e3o, o acesso e a adequa\u00e7\u00e3o dos dados pessoais recolhidos. <\/p>\n\n<p>A <strong>finalidade<\/strong> do uso dos dados pessoais recolhidos nos seus diferentes canais estar\u00e1 de acordo com os objetivos de SERNATUR, sendo estes:<\/p>\n\n<ul class=\"wp-block-list\">\n<li>Promo\u00e7\u00e3o Internacional do Chile como destino tur\u00edstico.<\/li>\n\n\n\n<li>Otimizar a experi\u00eancia de utilizador nos nossos canais.<\/li>\n<\/ul>\n\n<p>Os dados pessoais s\u00e3o recolhidos unicamente para os fins mencionados anteriormente. Excluem-se <strong> desta restri\u00e7\u00e3o os poss\u00edveis usos em a\u00e7\u00f5es de car\u00e1cter estat\u00edstico, onde o <strong>anonimato<\/strong> da informa\u00e7\u00e3o se encontra assegurado.<\/strong> <\/p>\n\n<p><\/p>\n\n<h4 class=\"wp-block-heading\">2. Consentimento<\/h4>\n\n<p>SERNATUR far\u00e1 uso dos dados pessoais com consentimento pr\u00e9vio, expresso e informado do titular dos dados, j\u00e1 que mediante a sua entrega se outorga o consentimento para o seu uso.<\/p>\n\n<p><\/p>\n\n<h4 class=\"wp-block-heading\">3. Transfer\u00eancia de Dados Pessoais<\/h4>\n\n<p>Os dados pessoais recolhidos por SERNATUR n\u00e3o ser\u00e3o remetidos a terceiros, com a exce\u00e7\u00e3o dos seguintes casos:<\/p>\n\n<ul class=\"wp-block-list\">\n<li>SERNATUR poder\u00e1 comunicar a outros organismos do Estado os dados pessoais dos seus utilizadores, sempre que exista um requerimento para o efeito, procedendo a comunicar os dados pessoais dos utilizadores que lhe sejam solicitados.<\/li>\n\n\n\n<li>SERNATUR poder\u00e1 comunicar a terceiros informa\u00e7\u00e3o estat\u00edstica elaborada a partir dos dados pessoais dos seus utilizadores, sem o consentimento expresso do titular, quando desses dados n\u00e3o seja poss\u00edvel identificar individualmente os titulares, de conformidade com a Lei.<\/li>\n<\/ul>\n\n<p><\/p>\n\n<h4 class=\"wp-block-heading\">4. Uso de Cookies e Privacidade<\/h4>\n\n<p>SERNATUR utiliza tecnologias nos seus sites para a recolha de dados nas suas plataformas, incluindo:<\/p>\n\n<ul class=\"wp-block-list\">\n<li>Endere\u00e7o IP<\/li>\n\n\n\n<li>Tipo de navegador<\/li>\n\n\n\n<li>P\u00e1ginas internas do site que o utilizador visita<\/li>\n\n\n\n<li>Sites diferentes de www.chile.travel que o utilizador visitou antes de entrar no site<\/li>\n<\/ul>\n\n<p>As <strong>cookies<\/strong> s\u00e3o uma tecnologia de registo que <strong>N\u00c3O<\/strong> recolhe nenhum dado pessoal, como nome ou endere\u00e7o de correio eletr\u00f3nico, mas s\u00e3o utilizadas para determinar que conte\u00fado \u00e9 mais consultado e para a <strong>otimiza\u00e7\u00e3o<\/strong> da experi\u00eancia do utilizador. Ao desativ\u00e1-las, estas fun\u00e7\u00f5es tamb\u00e9m ficam desativadas. <\/p>\n\n<p><\/p>\n\n<h4 class=\"wp-block-heading\">5. Respeito aos Direitos dos Utilizadores sobre os Dados Recolhidos<\/h4>\n\n<p>O utilizador poder\u00e1 em todo o momento exercer os direitos outorgados pela <strong>Lei N.\u00ba 19.628<\/strong> e as suas modifica\u00e7\u00f5es posteriores. Em <strong>espec\u00edfico<\/strong> referente ao <strong>site chile.travel<\/strong>, poder\u00e1: <\/p>\n\n<ul class=\"wp-block-list\">\n<li>a) Solicitar <strong>informa\u00e7\u00e3o<\/strong> relativamente aos bancos de <strong>dados<\/strong> de que sejam respons\u00e1veis os <strong>organismos<\/strong>, o fundamento jur\u00eddico da sua exist\u00eancia, a sua finalidade, tipos de dados armazenados e descri\u00e7\u00e3o do universo de pessoas que <strong>compreende<\/strong>.<\/li>\n\n\n\n<li>b) Solicitar <strong>informa\u00e7\u00e3o<\/strong> sobre os dados relativos \u00e0 sua pessoa, a sua proced\u00eancia e destinat\u00e1rio, o prop\u00f3sito do armazenamento e a individualiza\u00e7\u00e3o das pessoas ou organismos aos quais os seus dados s\u00e3o transmitidos regularmente.<\/li>\n\n\n\n<li>c) Solicitar a <strong>elimina\u00e7\u00e3o ou cancelamento<\/strong> dos dados entregues quando assim o desejar, enquanto <strong>for legalmente procedente<\/strong>.<\/li>\n\n\n\n<li>d) Opor-se a que os seus dados pessoais sejam utilizados para fins estat\u00edsticos.<\/li>\n\n\n\n<li>e) Para exercer os seus direitos, o utilizador poder\u00e1 utilizar as alternativas que Sernatur disp\u00f5e atrav\u00e9s do seu sistema de contacto.<\/li>\n<\/ul>\n\n<p><\/p>\n","protected":false},"excerpt":{"rendered":"<p>Introdu\u00e7\u00e3o O artigo 9 do Decreto Supremo N.\u00ba 100 de 2006, do Minist\u00e9rio Secretaria-Geral da Presid\u00eancia, prev\u00ea que os \u00f3rg\u00e3os da Administra\u00e7\u00e3o do Estado dever\u00e3o adotar, manter e declarar uma Pol\u00edtica de Privacidade do seu respetivo site, e que dever\u00e1 encontrar-se acess\u00edvel desde a sua primeira p\u00e1gina. Ainda que o \u00e2mbito de aplica\u00e7\u00e3o da normativa [&hellip;]<\/p>\n","protected":false},"author":17,"featured_media":59093,"parent":0,"menu_order":9,"comment_status":"closed","ping_status":"closed","template":"page-simple-template.php","meta":{"_acf_changed":false,"inline_featured_image":false,"powered_cache_disable_cache":false,"powered_cache_disable_lazyload":false,"powered_cache_disable_js_optimization":false,"footnotes":""},"destacado":[],"class_list":["post-81964","page","type-page","status-publish","has-post-thumbnail","hentry"],"acf":[],"yoast_head":"<!-- This site is optimized with the Yoast SEO plugin v27.5 - https:\/\/yoast.com\/product\/yoast-seo-wordpress\/ -->\n<title>Pol\u00edticas de Privacidade - Chile Travel<\/title>\n<meta name=\"description\" content=\"Conhe\u00e7a o uso, consentimento e prote\u00e7\u00e3o dos seus dados pessoais na Chile Travel, incluindo o uso de cookies e os seus direitos legais.\" \/>\n<meta name=\"robots\" content=\"index, follow, max-snippet:-1, max-image-preview:large, max-video-preview:-1\" \/>\n<link rel=\"canonical\" href=\"https:\/\/chile.travel\/pt-br\/politicas-de-privacidade\/\" \/>\n<meta property=\"og:locale\" content=\"pt_BR\" \/>\n<meta property=\"og:type\" content=\"article\" \/>\n<meta property=\"og:title\" content=\"Pol\u00edticas de Privacidade - Chile Travel\" \/>\n<meta property=\"og:description\" content=\"Conhe\u00e7a o uso, consentimento e prote\u00e7\u00e3o dos seus dados pessoais na Chile Travel, incluindo o uso de cookies e os seus direitos legais.\" \/>\n<meta property=\"og:url\" content=\"https:\/\/chile.travel\/pt-br\/politicas-de-privacidade\/\" \/>\n<meta property=\"og:site_name\" content=\"Chile Travel\" \/>\n<meta property=\"article:modified_time\" content=\"2025-12-16T20:04:16+00:00\" \/>\n<meta property=\"og:image\" content=\"http:\/\/stg.chile.travel\/wp-content\/uploads\/2024\/10\/b487d659-politicas.png\" \/>\n\t<meta property=\"og:image:width\" content=\"1024\" \/>\n\t<meta property=\"og:image:height\" content=\"683\" \/>\n\t<meta property=\"og:image:type\" content=\"image\/png\" \/>\n<meta name=\"twitter:card\" content=\"summary_large_image\" \/>\n<meta name=\"twitter:label1\" content=\"Est. tempo de leitura\" \/>\n\t<meta name=\"twitter:data1\" content=\"4 minutos\" \/>\n<script type=\"application\/ld+json\" class=\"yoast-schema-graph\">{\"@context\":\"https:\\\/\\\/schema.org\",\"@graph\":[{\"@type\":\"WebPage\",\"@id\":\"https:\\\/\\\/chile.travel\\\/pt-br\\\/politicas-de-privacidade\\\/\",\"url\":\"https:\\\/\\\/chile.travel\\\/pt-br\\\/politicas-de-privacidade\\\/\",\"name\":\"Pol\u00edticas de Privacidade - Chile Travel\",\"isPartOf\":{\"@id\":\"https:\\\/\\\/stg.chile.travel\\\/pt-br\\\/#website\"},\"primaryImageOfPage\":{\"@id\":\"https:\\\/\\\/chile.travel\\\/pt-br\\\/politicas-de-privacidade\\\/#primaryimage\"},\"image\":{\"@id\":\"https:\\\/\\\/chile.travel\\\/pt-br\\\/politicas-de-privacidade\\\/#primaryimage\"},\"thumbnailUrl\":\"https:\\\/\\\/chile.travel\\\/wp-content\\\/uploads\\\/2024\\\/10\\\/b487d659-politicas.png\",\"datePublished\":\"2024-10-11T15:31:06+00:00\",\"dateModified\":\"2025-12-16T20:04:16+00:00\",\"description\":\"Conhe\u00e7a o uso, consentimento e prote\u00e7\u00e3o dos seus dados pessoais na Chile Travel, incluindo o uso de cookies e os seus direitos legais.\",\"breadcrumb\":{\"@id\":\"https:\\\/\\\/chile.travel\\\/pt-br\\\/politicas-de-privacidade\\\/#breadcrumb\"},\"inLanguage\":\"pt-BR\",\"potentialAction\":[{\"@type\":\"ReadAction\",\"target\":[\"https:\\\/\\\/chile.travel\\\/pt-br\\\/politicas-de-privacidade\\\/\"]}]},{\"@type\":\"ImageObject\",\"inLanguage\":\"pt-BR\",\"@id\":\"https:\\\/\\\/chile.travel\\\/pt-br\\\/politicas-de-privacidade\\\/#primaryimage\",\"url\":\"https:\\\/\\\/chile.travel\\\/wp-content\\\/uploads\\\/2024\\\/10\\\/b487d659-politicas.png\",\"contentUrl\":\"https:\\\/\\\/chile.travel\\\/wp-content\\\/uploads\\\/2024\\\/10\\\/b487d659-politicas.png\",\"width\":2056,\"height\":1371},{\"@type\":\"BreadcrumbList\",\"@id\":\"https:\\\/\\\/chile.travel\\\/pt-br\\\/politicas-de-privacidade\\\/#breadcrumb\",\"itemListElement\":[{\"@type\":\"ListItem\",\"position\":1,\"name\":\"Portada\",\"item\":\"https:\\\/\\\/stg.chile.travel\\\/pt-br\\\/\"},{\"@type\":\"ListItem\",\"position\":2,\"name\":\"Pol\u00edticas de Privacidade\"}]},{\"@type\":\"WebSite\",\"@id\":\"https:\\\/\\\/stg.chile.travel\\\/pt-br\\\/#website\",\"url\":\"https:\\\/\\\/stg.chile.travel\\\/pt-br\\\/\",\"name\":\"Chile Travel\",\"description\":\"\",\"publisher\":{\"@id\":\"https:\\\/\\\/stg.chile.travel\\\/pt-br\\\/#organization\"},\"potentialAction\":[{\"@type\":\"SearchAction\",\"target\":{\"@type\":\"EntryPoint\",\"urlTemplate\":\"https:\\\/\\\/stg.chile.travel\\\/pt-br\\\/?s={search_term_string}\"},\"query-input\":{\"@type\":\"PropertyValueSpecification\",\"valueRequired\":true,\"valueName\":\"search_term_string\"}}],\"inLanguage\":\"pt-BR\"},{\"@type\":\"Organization\",\"@id\":\"https:\\\/\\\/stg.chile.travel\\\/pt-br\\\/#organization\",\"name\":\"Chile Travel\",\"url\":\"https:\\\/\\\/stg.chile.travel\\\/pt-br\\\/\",\"logo\":{\"@type\":\"ImageObject\",\"inLanguage\":\"pt-BR\",\"@id\":\"https:\\\/\\\/stg.chile.travel\\\/pt-br\\\/#\\\/schema\\\/logo\\\/image\\\/\",\"url\":\"https:\\\/\\\/chile.travel\\\/wp-content\\\/uploads\\\/2025\\\/12\\\/84152706-logo-travel.svg\",\"contentUrl\":\"https:\\\/\\\/chile.travel\\\/wp-content\\\/uploads\\\/2025\\\/12\\\/84152706-logo-travel.svg\",\"width\":189,\"height\":225,\"caption\":\"Chile Travel\"},\"image\":{\"@id\":\"https:\\\/\\\/stg.chile.travel\\\/pt-br\\\/#\\\/schema\\\/logo\\\/image\\\/\"}}]}<\/script>\n<!-- \/ Yoast SEO plugin. -->","yoast_head_json":{"title":"Pol\u00edticas de Privacidade - Chile Travel","description":"Conhe\u00e7a o uso, consentimento e prote\u00e7\u00e3o dos seus dados pessoais na Chile Travel, incluindo o uso de cookies e os seus direitos legais.","robots":{"index":"index","follow":"follow","max-snippet":"max-snippet:-1","max-image-preview":"max-image-preview:large","max-video-preview":"max-video-preview:-1"},"canonical":"https:\/\/chile.travel\/pt-br\/politicas-de-privacidade\/","og_locale":"pt_BR","og_type":"article","og_title":"Pol\u00edticas de Privacidade - Chile Travel","og_description":"Conhe\u00e7a o uso, consentimento e prote\u00e7\u00e3o dos seus dados pessoais na Chile Travel, incluindo o uso de cookies e os seus direitos legais.","og_url":"https:\/\/chile.travel\/pt-br\/politicas-de-privacidade\/","og_site_name":"Chile Travel","article_modified_time":"2025-12-16T20:04:16+00:00","og_image":[{"url":"http:\/\/stg.chile.travel\/wp-content\/uploads\/2024\/10\/b487d659-politicas.png","width":1024,"height":683,"type":"image\/png"}],"twitter_card":"summary_large_image","twitter_misc":{"Est. tempo de leitura":"4 minutos"},"schema":{"@context":"https:\/\/schema.org","@graph":[{"@type":"WebPage","@id":"https:\/\/chile.travel\/pt-br\/politicas-de-privacidade\/","url":"https:\/\/chile.travel\/pt-br\/politicas-de-privacidade\/","name":"Pol\u00edticas de Privacidade - Chile Travel","isPartOf":{"@id":"https:\/\/stg.chile.travel\/pt-br\/#website"},"primaryImageOfPage":{"@id":"https:\/\/chile.travel\/pt-br\/politicas-de-privacidade\/#primaryimage"},"image":{"@id":"https:\/\/chile.travel\/pt-br\/politicas-de-privacidade\/#primaryimage"},"thumbnailUrl":"https:\/\/chile.travel\/wp-content\/uploads\/2024\/10\/b487d659-politicas.png","datePublished":"2024-10-11T15:31:06+00:00","dateModified":"2025-12-16T20:04:16+00:00","description":"Conhe\u00e7a o uso, consentimento e prote\u00e7\u00e3o dos seus dados pessoais na Chile Travel, incluindo o uso de cookies e os seus direitos legais.","breadcrumb":{"@id":"https:\/\/chile.travel\/pt-br\/politicas-de-privacidade\/#breadcrumb"},"inLanguage":"pt-BR","potentialAction":[{"@type":"ReadAction","target":["https:\/\/chile.travel\/pt-br\/politicas-de-privacidade\/"]}]},{"@type":"ImageObject","inLanguage":"pt-BR","@id":"https:\/\/chile.travel\/pt-br\/politicas-de-privacidade\/#primaryimage","url":"https:\/\/chile.travel\/wp-content\/uploads\/2024\/10\/b487d659-politicas.png","contentUrl":"https:\/\/chile.travel\/wp-content\/uploads\/2024\/10\/b487d659-politicas.png","width":2056,"height":1371},{"@type":"BreadcrumbList","@id":"https:\/\/chile.travel\/pt-br\/politicas-de-privacidade\/#breadcrumb","itemListElement":[{"@type":"ListItem","position":1,"name":"Portada","item":"https:\/\/stg.chile.travel\/pt-br\/"},{"@type":"ListItem","position":2,"name":"Pol\u00edticas de Privacidade"}]},{"@type":"WebSite","@id":"https:\/\/stg.chile.travel\/pt-br\/#website","url":"https:\/\/stg.chile.travel\/pt-br\/","name":"Chile Travel","description":"","publisher":{"@id":"https:\/\/stg.chile.travel\/pt-br\/#organization"},"potentialAction":[{"@type":"SearchAction","target":{"@type":"EntryPoint","urlTemplate":"https:\/\/stg.chile.travel\/pt-br\/?s={search_term_string}"},"query-input":{"@type":"PropertyValueSpecification","valueRequired":true,"valueName":"search_term_string"}}],"inLanguage":"pt-BR"},{"@type":"Organization","@id":"https:\/\/stg.chile.travel\/pt-br\/#organization","name":"Chile Travel","url":"https:\/\/stg.chile.travel\/pt-br\/","logo":{"@type":"ImageObject","inLanguage":"pt-BR","@id":"https:\/\/stg.chile.travel\/pt-br\/#\/schema\/logo\/image\/","url":"https:\/\/chile.travel\/wp-content\/uploads\/2025\/12\/84152706-logo-travel.svg","contentUrl":"https:\/\/chile.travel\/wp-content\/uploads\/2025\/12\/84152706-logo-travel.svg","width":189,"height":225,"caption":"Chile Travel"},"image":{"@id":"https:\/\/stg.chile.travel\/pt-br\/#\/schema\/logo\/image\/"}}]}},"_links":{"self":[{"href":"https:\/\/chile.travel\/pt-br\/wp-json\/wp\/v2\/pages\/81964","targetHints":{"allow":["GET"]}}],"collection":[{"href":"https:\/\/chile.travel\/pt-br\/wp-json\/wp\/v2\/pages"}],"about":[{"href":"https:\/\/chile.travel\/pt-br\/wp-json\/wp\/v2\/types\/page"}],"author":[{"embeddable":true,"href":"https:\/\/chile.travel\/pt-br\/wp-json\/wp\/v2\/users\/17"}],"replies":[{"embeddable":true,"href":"https:\/\/chile.travel\/pt-br\/wp-json\/wp\/v2\/comments?post=81964"}],"version-history":[{"count":2,"href":"https:\/\/chile.travel\/pt-br\/wp-json\/wp\/v2\/pages\/81964\/revisions"}],"predecessor-version":[{"id":81983,"href":"https:\/\/chile.travel\/pt-br\/wp-json\/wp\/v2\/pages\/81964\/revisions\/81983"}],"wp:featuredmedia":[{"embeddable":true,"href":"https:\/\/chile.travel\/pt-br\/wp-json\/wp\/v2\/media\/59093"}],"wp:attachment":[{"href":"https:\/\/chile.travel\/pt-br\/wp-json\/wp\/v2\/media?parent=81964"}],"wp:term":[{"taxonomy":"destacado","embeddable":true,"href":"https:\/\/chile.travel\/pt-br\/wp-json\/wp\/v2\/destacado?post=81964"}],"curies":[{"name":"wp","href":"https:\/\/api.w.org\/{rel}","templated":true}]}}